{"id":1041,"date":"2021-07-03T12:47:00","date_gmt":"2021-07-03T12:47:00","guid":{"rendered":"https:\/\/www.terroirpaysdesaintfelicien.com\/?page_id=1041"},"modified":"2022-01-22T12:09:09","modified_gmt":"2022-01-22T12:09:09","slug":"documentaire-le-gout-du-pays","status":"publish","type":"page","link":"https:\/\/www.terroirpaysdesaintfelicien.org\/?page_id=1041","title":{"rendered":"Documentaire \u00ab\u00a0Le go\u00fbt du pays\u00a0\u00bb"},"content":{"rendered":"\n<p>Terroir Pays de Saint-F\u00e9licien en 2019 a command\u00e9 \u00e0 la r\u00e9alisatrice Laura Tangre, un <a href=\"http:\/\/www.montmiandonfilms.org\/?Le-gout-du-pays\">documentaire<\/a> pr\u00e9sentant les acteurs du Go\u00fbt du Pays. <br><br>Une s\u00e9rie de 8 portraits de producteurs et productrices du Pays de Saint-F\u00e9licien engag\u00e9s dans la charte de qualit\u00e9 de ce territoire.<\/p>\n\n\n\n<figure class=\"wp-block-image\"><a href=\"http:\/\/www.montmiandonfilms.org\/?Le-gout-du-pays\" target=\"_blank\" rel=\"noreferrer noopener\"><img loading=\"lazy\" decoding=\"async\" width=\"963\" height=\"539\" src=\"https:\/\/www.terroirpaysdesaintfelicien.com\/wp-content\/uploads\/2021\/07\/lauratangre.jpg\" alt=\"\" class=\"wp-image-1042\" srcset=\"https:\/\/www.terroirpaysdesaintfelicien.org\/wp-content\/uploads\/2021\/07\/lauratangre.jpg 963w, https:\/\/www.terroirpaysdesaintfelicien.org\/wp-content\/uploads\/2021\/07\/lauratangre-300x168.jpg 300w, https:\/\/www.terroirpaysdesaintfelicien.org\/wp-content\/uploads\/2021\/07\/lauratangre-768x430.jpg 768w, https:\/\/www.terroirpaysdesaintfelicien.org\/wp-content\/uploads\/2021\/07\/lauratangre-780x437.jpg 780w\" sizes=\"auto, (max-width: 963px) 100vw, 963px\" \/><\/a><\/figure>\n","protected":false},"excerpt":{"rendered":"<p>Terroir Pays de Saint-F\u00e9licien en 2019 a command\u00e9 \u00e0 la r\u00e9alisatrice Laura Tangre, un documentaire pr\u00e9sentant les acteurs du Go\u00fbt du Pays. Une s\u00e9rie de 8 portraits de producteurs et productrices du Pays de Saint-F\u00e9licien engag\u00e9s dans la charte de &hellip; <a href=\"https:\/\/www.terroirpaysdesaintfelicien.org\/?page_id=1041\">Continuer la lecture <span class=\"meta-nav\">&rarr;<\/span><\/a><\/p>\n","protected":false},"author":4,"featured_media":0,"parent":0,"menu_order":0,"comment_status":"closed","ping_status":"closed","template":"","meta":{"footnotes":""},"class_list":["post-1041","page","type-page","status-publish","hentry"],"_links":{"self":[{"href":"https:\/\/www.terroirpaysdesaintfelicien.org\/index.php?rest_route=\/wp\/v2\/pages\/1041","targetHints":{"allow":["GET"]}}],"collection":[{"href":"https:\/\/www.terroirpaysdesaintfelicien.org\/index.php?rest_route=\/wp\/v2\/pages"}],"about":[{"href":"https:\/\/www.terroirpaysdesaintfelicien.org\/index.php?rest_route=\/wp\/v2\/types\/page"}],"author":[{"embeddable":true,"href":"https:\/\/www.terroirpaysdesaintfelicien.org\/index.php?rest_route=\/wp\/v2\/users\/4"}],"replies":[{"embeddable":true,"href":"https:\/\/www.terroirpaysdesaintfelicien.org\/index.php?rest_route=%2Fwp%2Fv2%2Fcomments&post=1041"}],"version-history":[{"count":3,"href":"https:\/\/www.terroirpaysdesaintfelicien.org\/index.php?rest_route=\/wp\/v2\/pages\/1041\/revisions"}],"predecessor-version":[{"id":1215,"href":"https:\/\/www.terroirpaysdesaintfelicien.org\/index.php?rest_route=\/wp\/v2\/pages\/1041\/revisions\/1215"}],"wp:attachment":[{"href":"https:\/\/www.terroirpaysdesaintfelicien.org\/index.php?rest_route=%2Fwp%2Fv2%2Fmedia&parent=1041"}],"curies":[{"name":"wp","href":"https:\/\/api.w.org\/{rel}","templated":true}]}}