{"id":1255,"date":"2022-01-30T10:00:30","date_gmt":"2022-01-30T10:00:30","guid":{"rendered":"https:\/\/www.terroirpaysdesaintfelicien.org\/?page_id=1255"},"modified":"2026-02-19T15:01:29","modified_gmt":"2026-02-19T15:01:29","slug":"evenements-au-fil-du-temps","status":"publish","type":"page","link":"https:\/\/www.terroirpaysdesaintfelicien.org\/?page_id=1255","title":{"rendered":"\u00c9v\u00e8nements au fil du temps"},"content":{"rendered":"\n<p>Hors du calendrier annuel de Terroir au village ou des Entretiens du terroir, l\u2019association organise des \u00e9v\u00e9nements plus ponctuels : concerts, conf\u00e9rences, visites, balades patrimoniales\u2026<br>Tenez vous au courant de l\u2019agenda en vous abonnant \u00e0 notre newsletter.<\/p>\n\n\n\n<p><strong>\u00c9v\u00e8nements \u00e0 venir :<\/strong><\/p>\n\n\n\n<p>Les 27 et 28 mars 2026, pour la seconde ann\u00e9e, revient \u00e0 Saint-F\u00e9licien Lo Fest\u2019\u00d2c, la f\u00eate de notre langue que chacun-e appelle comme il veut : patois, occitan ou langue d\u2019oc, ce sont les noms d\u2019une m\u00eame langue, celle de notre pays.<\/p>\n\n\n\n<p>\u00c9COUTER, PARLER, CHANTER et DANSER cette langue.<\/p>\n\n\n\n<figure class=\"wp-block-image size-large\"><a href=\"https:\/\/www.terroirpaysdesaintfelicien.org\/wp-content\/uploads\/2026\/02\/festoc.png\"><img loading=\"lazy\" decoding=\"async\" width=\"1024\" height=\"576\" src=\"https:\/\/www.terroirpaysdesaintfelicien.org\/wp-content\/uploads\/2026\/02\/festoc-1024x576.png\" alt=\"\" class=\"wp-image-1641\" srcset=\"https:\/\/www.terroirpaysdesaintfelicien.org\/wp-content\/uploads\/2026\/02\/festoc-1024x576.png 1024w, https:\/\/www.terroirpaysdesaintfelicien.org\/wp-content\/uploads\/2026\/02\/festoc-300x169.png 300w, https:\/\/www.terroirpaysdesaintfelicien.org\/wp-content\/uploads\/2026\/02\/festoc-768x432.png 768w, https:\/\/www.terroirpaysdesaintfelicien.org\/wp-content\/uploads\/2026\/02\/festoc-500x281.png 500w, https:\/\/www.terroirpaysdesaintfelicien.org\/wp-content\/uploads\/2026\/02\/festoc.png 1280w\" sizes=\"auto, (max-width: 1024px) 100vw, 1024px\" \/><\/a><\/figure>\n\n\n\n<p>PROGRAMME<\/p>\n\n\n\n<p><strong>Vendredi 27 mars &#8211; 18h30<\/strong><\/p>\n\n\n\n<p>\u00c9COUTER, dans la Chapelle du couvent, les mots de <strong>Marc\u00e8la Delpastre<\/strong>, po\u00e8te et paysanne puis les contes de <strong>Patric Rochedy<\/strong>, paysan voyageur.<\/p>\n\n\n\n<p><strong>Samedi 28 mars &#8211; 10h &gt; 00h<\/strong><\/p>\n\n\n\n<p>CHANTER, \u00e0 la salle Rochefort, lors du <strong>stage de chants occitans<\/strong>&nbsp;pour ceux qui aiment chanter en polyphonie. (10h &#8211; 13h)<\/p>\n\n\n\n<p>PARLER, \u00e0 l\u2019Auberge de Saint-F\u00e9licien, o\u00f9 s\u2019installera le <strong>Caf\u00e9 occitan<\/strong>&nbsp;pour discuter, bavarder, \u00e9changer en buvant un coup. (15h &#8211; 17h)<\/p>\n\n\n\n<p>DANSER, enfin, \u00e0 la Salle des F\u00eates, musique folk d\u2019ici et d\u2019ailleurs avec <strong>les Croque Notes \u00a7 Co<\/strong> et le temps d\u2019un bal \u00e0 la voix, anim\u00e9 par <strong>La Cadenc\u00e9e<\/strong>. Un b\u0153uf musical terminera la soir\u00e9e. (20h30 &#8211; 00h \/ Ouverture des portes \u00e0 19h)<\/p>\n\n\n\n<p><strong>\ud83d\udcde Informations <\/strong>: <a href=\"mailto:terroirpaysdesaintfelicien@gmail.com\">terroirpaysdesaintfelicien@gmail.com <\/a>\/ 06 80 60 71 89<\/p>\n\n\n\n<p><strong>\ud83d\udcd6&nbsp;Programme d\u00e9taill\u00e9 :<\/strong> <a rel=\"noreferrer noopener\" target=\"_blank\" href=\"https:\/\/www.calameo.com\/books\/0078678508d9316c21827\">https:\/\/www.calameo.com\/books\/0078678508d9316c21827<\/a><\/p>\n\n\n\n<p><strong>\ud83c\udf9f\ufe0f&nbsp;R\u00e9servations et billetterie :<\/strong> <a rel=\"noreferrer noopener\" target=\"_blank\" href=\"https:\/\/www.helloasso.com\/associations\/terroir-pays-de-saint-felicien\/evenements\/bal-a-la-voix-la-cadencee\">https:\/\/www.helloasso.com\/associations\/terroir-pays-de-saint-felicien\/evenements\/bal-a-la-voix-la-cadencee<\/a><\/p>\n\n\n\n<figure class=\"wp-block-gallery has-nested-images columns-default is-cropped wp-block-gallery-1 is-layout-flex wp-block-gallery-is-layout-flex\"><\/figure>\n\n\n\n<p><strong>\u00c9v\u00e8nements pass\u00e9s :<\/strong><\/p>\n\n\n\n<p>-&gt; 14-16\/03\/2025 : 1\u00e8re \u00e9dition du premier festival de la culture occitane en Nord Ard\u00e8che : Lo Fest&rsquo;\u00d2c \u00e0 l&rsquo;occasion de la mise en place de la double signal\u00e9tique Fran\u00e7ais Occitan \u00e0 l&rsquo;entr\u00e9e de 5 villages \/7 du canton de Saint-F\u00e9licien. <a href=\"https:\/\/www.calameo.com\/read\/0078678509fdd03b94e71\">Lien vers le d\u00e9pliant<\/a> de la manifestation<br>-&gt; 17\/09\/2023 : participation aux Journ\u00e9es du Patrimoine \u00e0 Saint-F\u00e9licien sur le Patrimoine Vivant&nbsp;: animation Occitan (lancement du festival de la culture occitane au pays de Saint-F\u00e9licien) et Caill\u00e9 Doux.<br>Concert Clume&nbsp;: chansons Occitanes<br>-&gt; 16\/09\/2023 : Balade Patrimoniale&nbsp;: Arpenter le bassin versant de Doux<br>-&gt; 06\/08\/2023 F\u00eate de la ch\u00e8vre et du Caill\u00e9 Doux de Saint-F\u00e9licien<br>-&gt; 14\/01\/2023 Duo Larimar \u00e0 Saint Gris, Colombier Le Vieux<br>-&gt; 17\/09\/2022 Balade lecture de paysage dans le cadre des Journ\u00e9es du Patrimoine<br>-&gt; 05\/03\/2022 Lettre aux paysans de Jean Giono \u00e0 Saint Gris, Colombier Le Vieux.<br>-&gt; 15, 16, 21, 22\/01\/2022 : concerts \u00ab&nbsp;\u00e0 entendre les arbres&nbsp;\u00bb au Crestet, Colombier-le-Vieux, Bozas et Nas<br>-&gt; 09\/10\/2021: balades d\u00e9couvertes autour des bois des Fauries, et conf\u00e9rence de G. et B. Cochet<br>-&gt; 18\/09\/2021 : journ\u00e9es europ\u00e9ennes du patrimoine autour des bois du Doux<br>-&gt; juillet 2021 : mise en place du sentier sur les pas de Marie Mourier<br>-&gt; 01\/06 au 15\/09\/2021 : concours de dessins des enfants des \u00e9coles du Pays de Saint-F\u00e9licien.<br>-&gt; 15\/06 au 15\/09\/2021 : concours de photos: \u00ab&nbsp;un Arbre \u00e0 soi au Pays de Saint-F\u00e9licien&nbsp;\u00bb .<br>-&gt; 08\/08\/2021 : organisation du concours du meilleur Caill\u00e9 doux, au cours de la f\u00eate de la ch\u00e8vre.<\/p>\n\n\n\n<figure class=\"wp-block-gallery has-nested-images columns-default is-cropped wp-block-gallery-2 is-layout-flex wp-block-gallery-is-layout-flex\">\n<figure class=\"wp-block-image size-full\"><a href=\"https:\/\/www.terroirpaysdesaintfelicien.org\/wp-content\/uploads\/2026\/02\/festoc1.jpg\"><img loading=\"lazy\" decoding=\"async\" width=\"187\" height=\"270\" data-id=\"1644\" src=\"https:\/\/www.terroirpaysdesaintfelicien.org\/wp-content\/uploads\/2026\/02\/festoc1.jpg\" alt=\"\" class=\"wp-image-1644\"\/><\/a><\/figure>\n\n\n\n<figure class=\"wp-block-image size-large\"><a href=\"https:\/\/www.terroirpaysdesaintfelicien.org\/wp-content\/uploads\/2026\/02\/cailledoux2025.jpg\"><img loading=\"lazy\" decoding=\"async\" width=\"724\" height=\"1024\" data-id=\"1647\" src=\"https:\/\/www.terroirpaysdesaintfelicien.org\/wp-content\/uploads\/2026\/02\/cailledoux2025-724x1024.jpg\" alt=\"\" class=\"wp-image-1647\" srcset=\"https:\/\/www.terroirpaysdesaintfelicien.org\/wp-content\/uploads\/2026\/02\/cailledoux2025-724x1024.jpg 724w, https:\/\/www.terroirpaysdesaintfelicien.org\/wp-content\/uploads\/2026\/02\/cailledoux2025-212x300.jpg 212w, https:\/\/www.terroirpaysdesaintfelicien.org\/wp-content\/uploads\/2026\/02\/cailledoux2025-768x1086.jpg 768w, https:\/\/www.terroirpaysdesaintfelicien.org\/wp-content\/uploads\/2026\/02\/cailledoux2025-1086x1536.jpg 1086w, https:\/\/www.terroirpaysdesaintfelicien.org\/wp-content\/uploads\/2026\/02\/cailledoux2025.jpg 1414w\" sizes=\"auto, (max-width: 724px) 100vw, 724px\" \/><\/a><\/figure>\n\n\n\n<figure class=\"wp-block-image size-large\"><a href=\"https:\/\/www.terroirpaysdesaintfelicien.org\/wp-content\/uploads\/2023\/09\/clume.jpg\"><img loading=\"lazy\" decoding=\"async\" width=\"687\" height=\"1024\" data-id=\"1576\" src=\"https:\/\/www.terroirpaysdesaintfelicien.org\/wp-content\/uploads\/2023\/09\/clume-687x1024.jpg\" alt=\"\" class=\"wp-image-1576\" srcset=\"https:\/\/www.terroirpaysdesaintfelicien.org\/wp-content\/uploads\/2023\/09\/clume-687x1024.jpg 687w, https:\/\/www.terroirpaysdesaintfelicien.org\/wp-content\/uploads\/2023\/09\/clume-201x300.jpg 201w, https:\/\/www.terroirpaysdesaintfelicien.org\/wp-content\/uploads\/2023\/09\/clume-768x1146.jpg 768w, https:\/\/www.terroirpaysdesaintfelicien.org\/wp-content\/uploads\/2023\/09\/clume-1030x1536.jpg 1030w, https:\/\/www.terroirpaysdesaintfelicien.org\/wp-content\/uploads\/2023\/09\/clume.jpg 1373w\" sizes=\"auto, (max-width: 687px) 100vw, 687px\" \/><\/a><\/figure>\n\n\n\n<figure class=\"wp-block-image size-large\"><a href=\"https:\/\/www.terroirpaysdesaintfelicien.org\/wp-content\/uploads\/2023\/07\/journeesdupatrimoine.jpg\"><img loading=\"lazy\" decoding=\"async\" width=\"402\" height=\"607\" data-id=\"1554\" src=\"https:\/\/www.terroirpaysdesaintfelicien.org\/wp-content\/uploads\/2023\/07\/journeesdupatrimoine.jpg\" alt=\"\" class=\"wp-image-1554\" srcset=\"https:\/\/www.terroirpaysdesaintfelicien.org\/wp-content\/uploads\/2023\/07\/journeesdupatrimoine.jpg 402w, https:\/\/www.terroirpaysdesaintfelicien.org\/wp-content\/uploads\/2023\/07\/journeesdupatrimoine-199x300.jpg 199w\" sizes=\"auto, (max-width: 402px) 100vw, 402px\" \/><\/a><\/figure>\n\n\n\n<figure class=\"wp-block-image size-large\"><a href=\"https:\/\/www.terroirpaysdesaintfelicien.org\/wp-content\/uploads\/2023\/07\/fetechevre2023.jpg\"><img loading=\"lazy\" decoding=\"async\" width=\"725\" height=\"1024\" data-id=\"1553\" src=\"https:\/\/www.terroirpaysdesaintfelicien.org\/wp-content\/uploads\/2023\/07\/fetechevre2023-725x1024.jpg\" alt=\"\" class=\"wp-image-1553\" srcset=\"https:\/\/www.terroirpaysdesaintfelicien.org\/wp-content\/uploads\/2023\/07\/fetechevre2023-725x1024.jpg 725w, https:\/\/www.terroirpaysdesaintfelicien.org\/wp-content\/uploads\/2023\/07\/fetechevre2023-212x300.jpg 212w, https:\/\/www.terroirpaysdesaintfelicien.org\/wp-content\/uploads\/2023\/07\/fetechevre2023-768x1085.jpg 768w, https:\/\/www.terroirpaysdesaintfelicien.org\/wp-content\/uploads\/2023\/07\/fetechevre2023.jpg 900w\" sizes=\"auto, (max-width: 725px) 100vw, 725px\" \/><\/a><\/figure>\n\n\n\n<figure class=\"wp-block-image size-large\"><a href=\"https:\/\/www.terroirpaysdesaintfelicien.org\/wp-content\/uploads\/2022\/12\/larimar.gif\"><img loading=\"lazy\" decoding=\"async\" width=\"706\" height=\"986\" data-id=\"1497\" src=\"https:\/\/www.terroirpaysdesaintfelicien.org\/wp-content\/uploads\/2022\/12\/larimar.gif\" alt=\"\" class=\"wp-image-1497\"\/><\/a><\/figure>\n\n\n\n<figure class=\"wp-block-image size-large\"><a href=\"https:\/\/www.terroirpaysdesaintfelicien.org\/wp-content\/uploads\/2022\/12\/ENTRETIENS.jpg\"><img loading=\"lazy\" decoding=\"async\" width=\"724\" height=\"1024\" data-id=\"1494\" src=\"https:\/\/www.terroirpaysdesaintfelicien.org\/wp-content\/uploads\/2022\/12\/ENTRETIENS-724x1024.jpg\" alt=\"\" class=\"wp-image-1494\" srcset=\"https:\/\/www.terroirpaysdesaintfelicien.org\/wp-content\/uploads\/2022\/12\/ENTRETIENS-724x1024.jpg 724w, https:\/\/www.terroirpaysdesaintfelicien.org\/wp-content\/uploads\/2022\/12\/ENTRETIENS-212x300.jpg 212w, https:\/\/www.terroirpaysdesaintfelicien.org\/wp-content\/uploads\/2022\/12\/ENTRETIENS-768x1086.jpg 768w, https:\/\/www.terroirpaysdesaintfelicien.org\/wp-content\/uploads\/2022\/12\/ENTRETIENS-1086x1536.jpg 1086w, https:\/\/www.terroirpaysdesaintfelicien.org\/wp-content\/uploads\/2022\/12\/ENTRETIENS-1448x2048.jpg 1448w, https:\/\/www.terroirpaysdesaintfelicien.org\/wp-content\/uploads\/2022\/12\/ENTRETIENS.jpg 1654w\" sizes=\"auto, (max-width: 724px) 100vw, 724px\" \/><\/a><\/figure>\n\n\n\n<figure class=\"wp-block-image size-large\"><a href=\"https:\/\/www.terroirpaysdesaintfelicien.org\/wp-content\/uploads\/2022\/12\/terroir-affiche2021-prix-scaled.gif\"><img loading=\"lazy\" decoding=\"async\" width=\"728\" height=\"1024\" data-id=\"1486\" src=\"https:\/\/www.terroirpaysdesaintfelicien.org\/wp-content\/uploads\/2022\/12\/terroir-affiche2021-prix-728x1024.gif\" alt=\"\" class=\"wp-image-1486\" srcset=\"https:\/\/www.terroirpaysdesaintfelicien.org\/wp-content\/uploads\/2022\/12\/terroir-affiche2021-prix-728x1024.gif 728w, https:\/\/www.terroirpaysdesaintfelicien.org\/wp-content\/uploads\/2022\/12\/terroir-affiche2021-prix-213x300.gif 213w, https:\/\/www.terroirpaysdesaintfelicien.org\/wp-content\/uploads\/2022\/12\/terroir-affiche2021-prix-768x1080.gif 768w, https:\/\/www.terroirpaysdesaintfelicien.org\/wp-content\/uploads\/2022\/12\/terroir-affiche2021-prix-1093x1536.gif 1093w, https:\/\/www.terroirpaysdesaintfelicien.org\/wp-content\/uploads\/2022\/12\/terroir-affiche2021-prix-1457x2048.gif 1457w\" sizes=\"auto, (max-width: 728px) 100vw, 728px\" \/><\/a><\/figure>\n\n\n\n<figure class=\"wp-block-image size-large\"><a href=\"https:\/\/www.terroirpaysdesaintfelicien.org\/wp-content\/uploads\/2022\/02\/IMG-20220202-WA0000.jpg\"><img loading=\"lazy\" decoding=\"async\" width=\"1080\" height=\"1515\" data-id=\"1329\" src=\"https:\/\/www.terroirpaysdesaintfelicien.org\/wp-content\/uploads\/2022\/02\/IMG-20220202-WA0000.jpg\" alt=\"\" class=\"wp-image-1329\" srcset=\"https:\/\/www.terroirpaysdesaintfelicien.org\/wp-content\/uploads\/2022\/02\/IMG-20220202-WA0000.jpg 1080w, https:\/\/www.terroirpaysdesaintfelicien.org\/wp-content\/uploads\/2022\/02\/IMG-20220202-WA0000-214x300.jpg 214w, https:\/\/www.terroirpaysdesaintfelicien.org\/wp-content\/uploads\/2022\/02\/IMG-20220202-WA0000-730x1024.jpg 730w, https:\/\/www.terroirpaysdesaintfelicien.org\/wp-content\/uploads\/2022\/02\/IMG-20220202-WA0000-768x1077.jpg 768w\" sizes=\"auto, (max-width: 1080px) 100vw, 1080px\" \/><\/a><\/figure>\n\n\n\n<figure class=\"wp-block-image size-large\"><img loading=\"lazy\" decoding=\"async\" width=\"1810\" height=\"2560\" data-id=\"1340\" src=\"https:\/\/www.terroirpaysdesaintfelicien.org\/wp-content\/uploads\/2022\/02\/A-entendre-les-arbres-...-scaled.jpg\" alt=\"\" class=\"wp-image-1340\" srcset=\"https:\/\/www.terroirpaysdesaintfelicien.org\/wp-content\/uploads\/2022\/02\/A-entendre-les-arbres-...-scaled.jpg 1810w, https:\/\/www.terroirpaysdesaintfelicien.org\/wp-content\/uploads\/2022\/02\/A-entendre-les-arbres-...-212x300.jpg 212w, https:\/\/www.terroirpaysdesaintfelicien.org\/wp-content\/uploads\/2022\/02\/A-entendre-les-arbres-...-724x1024.jpg 724w, https:\/\/www.terroirpaysdesaintfelicien.org\/wp-content\/uploads\/2022\/02\/A-entendre-les-arbres-...-768x1086.jpg 768w, https:\/\/www.terroirpaysdesaintfelicien.org\/wp-content\/uploads\/2022\/02\/A-entendre-les-arbres-...-1086x1536.jpg 1086w, https:\/\/www.terroirpaysdesaintfelicien.org\/wp-content\/uploads\/2022\/02\/A-entendre-les-arbres-...-1448x2048.jpg 1448w\" sizes=\"auto, (max-width: 1810px) 100vw, 1810px\" \/><\/figure>\n\n\n\n<figure class=\"wp-block-image size-large\"><img loading=\"lazy\" decoding=\"async\" width=\"435\" height=\"612\" data-id=\"1024\" src=\"https:\/\/www.terroirpaysdesaintfelicien.org\/wp-content\/uploads\/2021\/07\/affichearbres.jpg\" alt=\"\" class=\"wp-image-1024\" srcset=\"https:\/\/www.terroirpaysdesaintfelicien.org\/wp-content\/uploads\/2021\/07\/affichearbres.jpg 435w, https:\/\/www.terroirpaysdesaintfelicien.org\/wp-content\/uploads\/2021\/07\/affichearbres-213x300.jpg 213w\" sizes=\"auto, (max-width: 435px) 100vw, 435px\" \/><\/figure>\n\n\n\n<figure class=\"wp-block-image size-large\"><img loading=\"lazy\" decoding=\"async\" width=\"1082\" height=\"612\" data-id=\"1333\" src=\"https:\/\/www.terroirpaysdesaintfelicien.org\/wp-content\/uploads\/2022\/02\/conferencecochet.jpg\" alt=\"\" class=\"wp-image-1333\" srcset=\"https:\/\/www.terroirpaysdesaintfelicien.org\/wp-content\/uploads\/2022\/02\/conferencecochet.jpg 1082w, https:\/\/www.terroirpaysdesaintfelicien.org\/wp-content\/uploads\/2022\/02\/conferencecochet-300x170.jpg 300w, https:\/\/www.terroirpaysdesaintfelicien.org\/wp-content\/uploads\/2022\/02\/conferencecochet-1024x579.jpg 1024w, https:\/\/www.terroirpaysdesaintfelicien.org\/wp-content\/uploads\/2022\/02\/conferencecochet-768x434.jpg 768w, https:\/\/www.terroirpaysdesaintfelicien.org\/wp-content\/uploads\/2022\/02\/conferencecochet-500x283.jpg 500w\" sizes=\"auto, (max-width: 1082px) 100vw, 1082px\" \/><\/figure>\n\n\n\n<figure class=\"wp-block-image size-large\"><img loading=\"lazy\" decoding=\"async\" width=\"1107\" height=\"736\" data-id=\"1382\" src=\"https:\/\/www.terroirpaysdesaintfelicien.org\/wp-content\/uploads\/2022\/02\/mariemourier.jpg\" alt=\"\" class=\"wp-image-1382\" srcset=\"https:\/\/www.terroirpaysdesaintfelicien.org\/wp-content\/uploads\/2022\/02\/mariemourier.jpg 1107w, https:\/\/www.terroirpaysdesaintfelicien.org\/wp-content\/uploads\/2022\/02\/mariemourier-300x199.jpg 300w, https:\/\/www.terroirpaysdesaintfelicien.org\/wp-content\/uploads\/2022\/02\/mariemourier-1024x681.jpg 1024w, https:\/\/www.terroirpaysdesaintfelicien.org\/wp-content\/uploads\/2022\/02\/mariemourier-768x511.jpg 768w, https:\/\/www.terroirpaysdesaintfelicien.org\/wp-content\/uploads\/2022\/02\/mariemourier-451x300.jpg 451w\" sizes=\"auto, (max-width: 1107px) 100vw, 1107px\" \/><\/figure>\n<\/figure>\n","protected":false},"excerpt":{"rendered":"<p>Hors du calendrier annuel de Terroir au village ou des Entretiens du terroir, l\u2019association organise des \u00e9v\u00e9nements plus ponctuels : concerts, conf\u00e9rences, visites, balades patrimoniales\u2026Tenez vous au courant de l\u2019agenda en vous abonnant \u00e0 notre newsletter. \u00c9v\u00e8nements \u00e0 venir : &hellip; <a href=\"https:\/\/www.terroirpaysdesaintfelicien.org\/?page_id=1255\">Continuer la lecture <span class=\"meta-nav\">&rarr;<\/span><\/a><\/p>\n","protected":false},"author":5,"featured_media":0,"parent":0,"menu_order":0,"comment_status":"closed","ping_status":"closed","template":"","meta":{"footnotes":""},"class_list":["post-1255","page","type-page","status-publish","hentry"],"_links":{"self":[{"href":"https:\/\/www.terroirpaysdesaintfelicien.org\/index.php?rest_route=\/wp\/v2\/pages\/1255","targetHints":{"allow":["GET"]}}],"collection":[{"href":"https:\/\/www.terroirpaysdesaintfelicien.org\/index.php?rest_route=\/wp\/v2\/pages"}],"about":[{"href":"https:\/\/www.terroirpaysdesaintfelicien.org\/index.php?rest_route=\/wp\/v2\/types\/page"}],"author":[{"embeddable":true,"href":"https:\/\/www.terroirpaysdesaintfelicien.org\/index.php?rest_route=\/wp\/v2\/users\/5"}],"replies":[{"embeddable":true,"href":"https:\/\/www.terroirpaysdesaintfelicien.org\/index.php?rest_route=%2Fwp%2Fv2%2Fcomments&post=1255"}],"version-history":[{"count":23,"href":"https:\/\/www.terroirpaysdesaintfelicien.org\/index.php?rest_route=\/wp\/v2\/pages\/1255\/revisions"}],"predecessor-version":[{"id":1648,"href":"https:\/\/www.terroirpaysdesaintfelicien.org\/index.php?rest_route=\/wp\/v2\/pages\/1255\/revisions\/1648"}],"wp:attachment":[{"href":"https:\/\/www.terroirpaysdesaintfelicien.org\/index.php?rest_route=%2Fwp%2Fv2%2Fmedia&parent=1255"}],"curies":[{"name":"wp","href":"https:\/\/api.w.org\/{rel}","templated":true}]}}