{"id":1600,"date":"2025-01-20T09:59:46","date_gmt":"2025-01-20T09:59:46","guid":{"rendered":"https:\/\/www.terroirpaysdesaintfelicien.org\/?page_id=1600"},"modified":"2025-02-09T11:53:02","modified_gmt":"2025-02-09T11:53:02","slug":"valoriser-lhistoire-du-pays","status":"publish","type":"page","link":"https:\/\/www.terroirpaysdesaintfelicien.org\/?page_id=1600","title":{"rendered":"Valoriser l&rsquo;histoire du Pays"},"content":{"rendered":"\n<p>Terroir Pays de Saint-F\u00e9licien, dans la dynamique ci-dessous, promeut la langue occitane. Retrouvez sur la <a href=\"https:\/\/www.terroirpaysdesaintfelicien.org\/?page_id=1590\">page Occitan<\/a> les actions en faveur de la langue et de la culture<a href=\"https:\/\/www.terroirpaysdesaintfelicien.org\/?page_id=1590\">.<\/a><br><br>Terroir valorise l&rsquo;histoire de son pays en participant \u00e0 la publication de l\u2019\u00e9dition <em>Regards sur l\u2019Ard\u00e8che Verte<\/em> (<a href=\"https:\/\/www.terroirpaysdesaintfelicien.org\/?page_id=1245\">page publications<\/a>).<br><br><strong>Pourquoi d\u00e9fendre l\u2019Occitan ?<\/strong><\/p>\n\n\n\n<p>\u00ab&nbsp;Selon le linguiste Claude Hag\u00e8ge, dans cent ans, plus de la moiti\u00e9 des langues du monde encore existantes auront disparu. Ph\u00e9nom\u00e8ne extr\u00eamement rapide qui d\u00e9note bien que nous avons affaire \u00e0 un \u00e9v\u00e9nement historique extraordinaire, loin d\u2019une mort \u00ab naturelle \u00bb des cultures. Il s\u2019agit bien d\u2019une des cons\u00e9quences de l\u2019imp\u00e9rialisme \u00e9conomique et culturel qui impose petit \u00e0 petit au monde entier une pens\u00e9e \u2013 culturelle, \u00e9conomique, sociale et politique \u2013 unique. La culture am\u00e9ricaine (ou plus pr\u00e9cis\u00e9ment cette <em>global culture<\/em>) et ses avatars se r\u00e9pandent partout dans le monde, et viennent appauvrir chaque jour un peu plus la diversit\u00e9 culturelle.<br><br>D\u00e9fendre et promouvoir les langues minoritaires (pour nous l\u2019occitan), c\u2019est choisir de r\u00e9sister \u00e0 un mouvement de destruction des cultures, c\u2019est faire le choix de la diversit\u00e9 des voix. C\u2019est accepter et revendiquer le fait que le monde puisse se comprendre de diff\u00e9rentes mani\u00e8res, dans des mots et des modes de vie multiples. C\u2019est permettre une ouverture au monde fond\u00e9e sur l\u2019\u00e9galit\u00e9 entre les hommes et entre les cultures.<br>Une langue minoritaire, c\u2019est aussi un regard diff\u00e9rent sur le monde et les \u00e9v\u00e9nements parce que c\u2019est le regard d\u2019une minorit\u00e9, en marge du courant principal et de la voix officielle. C\u2019est donc une richesse pour la compr\u00e9hension des choses. Cela permet aussi une union avec les autres populations minoritaires dans le monde, <strong>un bloc alternatif de r\u00e9sistance \u00e0 l\u2019uniformisation et \u00e0 la perte de saveurs de la plan\u00e8te<\/strong>.<\/p>\n\n\n\n<p><strong>La langue occitane, point central de la culture<\/strong><\/p>\n\n\n\n<p>Pour sauver notre culture occitane, ce qu\u2019il importe de sauver en premier lieu, c\u2019est la langue. C\u2019est autour d\u2019elle que se d\u00e9finit la culture. Les territoires occitans sont ceux o\u00f9 la langue est (ou \u00e9tait) parl\u00e9e. La langue, c\u2019est aussi l\u2019espace de repr\u00e9sentation d\u2019une culture. Retrouver la langue, c\u2019est se remettre \u00e0 nager dans les eaux de notre culture, c\u2019est<strong> se r\u00e9approprier notre vision du monde<\/strong> (conserv\u00e9e avec difficult\u00e9 dans le fran\u00e7ais m\u00e9ridional).&nbsp;\u00c0 travers la langue, les occitans pourront r\u00e9-exprimer librement leur culture, leur mode de vie et leur mode d\u2019expression particuliers. Hors la langue, pas de salut pour la culture. Sinon, tout n\u2019est plus que folklore de mus\u00e9e, endroit o\u00f9 l\u2019on voudrait cantonner nos identit\u00e9s d\u00e9rangeantes pour l\u2019\u00c9tat fran\u00e7ais. Il s\u2019agit de sauver la langue et de red\u00e9velopper sa pratique sociale. [\u2026]<br><br><strong>Qui est occitan ?<\/strong><br>[\u2026] Le monde occitan, c\u2019est l\u2019espace d\u00e9fini par un territoire o\u00f9 l\u2019on parle la langue traditionnellement . Est occitan toute personne qui vit dans cet espace et se sent appartenir \u00e0 la culture \u00ab m\u00e9ridionale \u00bb (\u00e0 d\u00e9faut de l\u2019appeler occitane, sans oublier que les basques et les catalans se situent aussi dans ce midi g\u00e9ographique) : accent m\u00e9ridional, mode de vie m\u00e9ridional, etc\u2026 Peu importe l\u2019origine et le sang. [\u2026]<br>D\u2019ailleurs, la culture d\u2019oc du Moyen-Age d\u00e9fendait d\u00e9j\u00e0 l\u2019id\u00e9e de la <em>conviv\u00e9ncia<\/em>, du vivre ensemble et de l\u2019accueil de l\u2019\u00e9tranger. Il ne s\u2019agit donc surtout pas de d\u00e9finir une population <em>v\u00e9ritablement<\/em> occitane \u00e0 l\u2019int\u00e9rieur des territoires occitans, qui aurait \u00e0 prendre en charge la d\u00e9fense de son ethnie, mais au contraire de <strong>d\u00e9fendre une culture qui nous parle \u00e0 tous ici, au-del\u00e0 des origines individuelles<\/strong>. L\u2019occitan et sa culture, c\u2019est l\u2019affaire de tous les habitants des territoires occitans. [\u2026]&nbsp;\u00bb<\/p>\n\n\n\n<p>Prima\u00ebl Montgauz\u00ed<\/p>\n","protected":false},"excerpt":{"rendered":"<p>Terroir Pays de Saint-F\u00e9licien, dans la dynamique ci-dessous, promeut la langue occitane. Retrouvez sur la page Occitan les actions en faveur de la langue et de la culture. Terroir valorise l&rsquo;histoire de son pays en participant \u00e0 la publication de &hellip; <a href=\"https:\/\/www.terroirpaysdesaintfelicien.org\/?page_id=1600\">Continuer la lecture <span class=\"meta-nav\">&rarr;<\/span><\/a><\/p>\n","protected":false},"author":4,"featured_media":0,"parent":0,"menu_order":0,"comment_status":"closed","ping_status":"closed","template":"","meta":{"footnotes":""},"class_list":["post-1600","page","type-page","status-publish","hentry"],"_links":{"self":[{"href":"https:\/\/www.terroirpaysdesaintfelicien.org\/index.php?rest_route=\/wp\/v2\/pages\/1600","targetHints":{"allow":["GET"]}}],"collection":[{"href":"https:\/\/www.terroirpaysdesaintfelicien.org\/index.php?rest_route=\/wp\/v2\/pages"}],"about":[{"href":"https:\/\/www.terroirpaysdesaintfelicien.org\/index.php?rest_route=\/wp\/v2\/types\/page"}],"author":[{"embeddable":true,"href":"https:\/\/www.terroirpaysdesaintfelicien.org\/index.php?rest_route=\/wp\/v2\/users\/4"}],"replies":[{"embeddable":true,"href":"https:\/\/www.terroirpaysdesaintfelicien.org\/index.php?rest_route=%2Fwp%2Fv2%2Fcomments&post=1600"}],"version-history":[{"count":5,"href":"https:\/\/www.terroirpaysdesaintfelicien.org\/index.php?rest_route=\/wp\/v2\/pages\/1600\/revisions"}],"predecessor-version":[{"id":1624,"href":"https:\/\/www.terroirpaysdesaintfelicien.org\/index.php?rest_route=\/wp\/v2\/pages\/1600\/revisions\/1624"}],"wp:attachment":[{"href":"https:\/\/www.terroirpaysdesaintfelicien.org\/index.php?rest_route=%2Fwp%2Fv2%2Fmedia&parent=1600"}],"curies":[{"name":"wp","href":"https:\/\/api.w.org\/{rel}","templated":true}]}}